{"id":17287,"date":"2025-09-26T15:37:28","date_gmt":"2025-09-26T13:37:28","guid":{"rendered":"https:\/\/w-realestate.swiss\/immobilien\/1651310fr-lumin-galeriewohnung-mit-weitblick\/"},"modified":"2026-05-01T08:17:14","modified_gmt":"2026-05-01T06:17:14","slug":"1651310fr-lumin-galeriewohnung-mit-weitblick","status":"publish","type":"casawp_property","link":"https:\/\/w-realestate.swiss\/fr\/immobilien\/1651310fr-lumin-galeriewohnung-mit-weitblick\/","title":{"rendered":"LUMIN\u00c9 &#8211; GALERIEWOHNUNG MIT WEITBLICK"},"content":{"rendered":"<p>Die exklusive 4.5- bis 5.5-Zimmer-Dachwohnung mit Galerie bietet ein einzigartiges Wohnerlebnis mit durchdachter Architektur. Drei ger\u00e4umige Schlafzimmer mit neuem Parkettboden, ein offener Wohn- und Essbereich sowie ein einladender Schwedenofen schaffen eine harmonische Atmosph\u00e4re. Die flexible Galerie kann individuell genutzt werden, w\u00e4hrend der gem\u00fctliche Balkon mit Weitblick und Bergsicht zum Entspannen einl\u00e4dt. Zwei moderne Nasszonen garantieren zus\u00e4tzlichen Komfort.<\/p>\n<p>Das Herzst\u00fcck des Wohnraums ist die K\u00fcche, die hier als Inspirationsbild dargestellt ist. Die bestehende K\u00fcche ist in die Jahre gekommen und darf einer neuen, ganz nach Ihren W\u00fcnschen gestalteten L\u00f6sung weichen. Daf\u00fcr steht den neuen Eigent\u00fcmern ein Budget zur Verf\u00fcgung.<\/p>\n<p>Die ideale Lage erm\u00f6glicht schnellen Zugang zu Schule, Kindergarten und Einkaufsm\u00f6glichkeiten sowie beste Anbindungen an den \u00f6ffentlichen Verkehr und die Autobahn &#8211; perfekt f\u00fcr Pendler und aktive Familien. Zwei Einstellhallenpl\u00e4tze runden das attraktive Angebot ab.<\/p>\n<p>Diese charmante Dachwohnung vereint modernes Wohnen mit hoher Lebensqualit\u00e4t &#8211; ideal f\u00fcr Familien, Paare oder Einzelpersonen, die das Besondere suchen.<\/p>\n<hr class=\"property-separator\" \/>\n<h2>Das Wichtigste in K\u00fcrze:<\/h2>\n<ul>\n<li>Offenes, lichtdurchflutetes Wohnkonzept<\/li>\n<li>Grossz\u00fcgige Galerie (36 m\u00b2)<\/li>\n<li>Zwei Nasszonen<\/li>\n<li>Reduit<\/li>\n<li>Neue verlegte Parkettb\u00f6den<\/li>\n<li>Frisch gestrichen<\/li>\n<li>Budget f\u00fcr eine neue K\u00fcche\u00a0<\/li>\n<li>Ger\u00e4umiger Wohnbereich mit Schwedenofen<\/li>\n<li>Sonniger Balkon mit Weitsicht und Bergblick<\/li>\n<li>Zwei Kellerabteil<\/li>\n<li>Zwei Einstellhallenpl\u00e4tze (zzgl. je CHF 35&rsquo;000.-)<\/li>\n<\/ul>\n<hr class=\"property-separator\" \/>\n<h2>Was die Lage zu bieten hat:<\/h2>\n<ul>\n<li>Optimal besonnte Lage<\/li>\n<li>Fabelhafte Aus- und Weitsicht<\/li>\n<li>Famili\u00e4re Quartierlage<\/li>\n<li>Beliebte urbane Gemeinde in Stadtn\u00e4he<\/li>\n<li>\u00d6V vor der Haust\u00fcr<\/li>\n<\/ul>\n","protected":false},"excerpt":{"rendered":"<p>Die exklusive 4.5- bis 5.5-Zimmer-Dachwohnung mit Galerie bietet ein einzigartiges Wohnerlebnis mit durchdachter Architektur. Drei ger\u00e4umige Schlafzimmer mit neuem Parkettboden, ein offener Wohn- und Essbereich sowie ein einladender Schwedenofen schaffen eine harmonische Atmosph\u00e4re. Die flexible Galerie kann individuell genutzt werden, w\u00e4hrend der gem\u00fctliche Balkon mit Weitblick und Bergsicht zum Entspannen einl\u00e4dt. Zwei moderne Nasszonen garantieren [&hellip;]<\/p>\n","protected":false},"author":0,"featured_media":17288,"parent":0,"menu_order":55,"comment_status":"closed","ping_status":"closed","template":"","meta":{"_acf_changed":false,"inline_featured_image":false,"footnotes":""},"casawp_category":[37],"casawp_feature":[72,13,94,10,9,12,118,15],"casawp_utility":[18],"casawp_location":[22,21,121],"casawp_salestype":[19],"casawp_availability":[28],"casawp_region":[],"class_list":["post-17287","casawp_property","type-casawp_property","status-publish","has-post-thumbnail","hentry","casawp_category-apartment","casawp_feature-has-balcony","casawp_feature-has-elevator","casawp_feature-has-fireplace","casawp_feature-has-garage","casawp_feature-has-mountain-view","casawp_feature-is-child-friendly","casawp_feature-is-modernized","casawp_feature-is-sunny","casawp_utility-residential","casawp_location-region_be","casawp_location-country_ch","casawp_location-locality_ostermundigen","casawp_salestype-buy","casawp_availability-taken"],"acf":[],"yoast_head":"<!-- This site is optimized with the Yoast SEO plugin v26.6 - https:\/\/yoast.com\/wordpress\/plugins\/seo\/ -->\n<title>LUMIN\u00c9 - GALERIEWOHNUNG MIT WEITBLICK - W Real Estate GmbH<\/title>\n<meta name=\"robots\" content=\"index, follow, max-snippet:-1, max-image-preview:large, max-video-preview:-1\" \/>\n<link rel=\"canonical\" href=\"https:\/\/w-realestate.swiss\/fr\/immobilien\/1651310fr-lumin-galeriewohnung-mit-weitblick\/\" \/>\n<meta property=\"og:locale\" content=\"fr_FR\" \/>\n<meta property=\"og:type\" content=\"article\" \/>\n<meta property=\"og:title\" content=\"LUMIN\u00c9 - GALERIEWOHNUNG MIT WEITBLICK - W Real Estate GmbH\" \/>\n<meta property=\"og:description\" content=\"Die exklusive 4.5- bis 5.5-Zimmer-Dachwohnung mit Galerie bietet ein einzigartiges Wohnerlebnis mit durchdachter Architektur. Drei ger\u00e4umige Schlafzimmer mit neuem Parkettboden, ein offener Wohn- und Essbereich sowie ein einladender Schwedenofen schaffen eine harmonische Atmosph\u00e4re. Die flexible Galerie kann individuell genutzt werden, w\u00e4hrend der gem\u00fctliche Balkon mit Weitblick und Bergsicht zum Entspannen einl\u00e4dt. Zwei moderne Nasszonen garantieren [&hellip;]\" \/>\n<meta property=\"og:url\" content=\"https:\/\/w-realestate.swiss\/fr\/immobilien\/1651310fr-lumin-galeriewohnung-mit-weitblick\/\" \/>\n<meta property=\"og:site_name\" content=\"W Real Estate GmbH\" \/>\n<meta property=\"article:modified_time\" content=\"2026-05-01T06:17:14+00:00\" \/>\n<meta name=\"twitter:card\" content=\"summary_large_image\" \/>\n<meta name=\"twitter:label1\" content=\"Dur\u00e9e de lecture estim\u00e9e\" \/>\n\t<meta name=\"twitter:data1\" content=\"1 minute\" \/>\n<script type=\"application\/ld+json\" class=\"yoast-schema-graph\">{\"@context\":\"https:\/\/schema.org\",\"@graph\":[{\"@type\":\"WebPage\",\"@id\":\"https:\/\/w-realestate.swiss\/fr\/immobilien\/1651310fr-lumin-galeriewohnung-mit-weitblick\/\",\"url\":\"https:\/\/w-realestate.swiss\/fr\/immobilien\/1651310fr-lumin-galeriewohnung-mit-weitblick\/\",\"name\":\"LUMIN\u00c9 - GALERIEWOHNUNG MIT WEITBLICK - W Real Estate GmbH\",\"isPartOf\":{\"@id\":\"https:\/\/w-realestate.swiss\/fr\/#website\"},\"primaryImageOfPage\":{\"@id\":\"https:\/\/w-realestate.swiss\/fr\/immobilien\/1651310fr-lumin-galeriewohnung-mit-weitblick\/#primaryimage\"},\"image\":{\"@id\":\"https:\/\/w-realestate.swiss\/fr\/immobilien\/1651310fr-lumin-galeriewohnung-mit-weitblick\/#primaryimage\"},\"thumbnailUrl\":\"https:\/\/cdn.casasoft.com\/media\/provider-11850\/property-1649723\/6a4c23465f92022bdb630e0b5585f60b.png?p=xl\",\"datePublished\":\"2025-09-26T13:37:28+00:00\",\"dateModified\":\"2026-05-01T06:17:14+00:00\",\"breadcrumb\":{\"@id\":\"https:\/\/w-realestate.swiss\/fr\/immobilien\/1651310fr-lumin-galeriewohnung-mit-weitblick\/#breadcrumb\"},\"inLanguage\":\"fr-FR\",\"potentialAction\":[{\"@type\":\"ReadAction\",\"target\":[\"https:\/\/w-realestate.swiss\/fr\/immobilien\/1651310fr-lumin-galeriewohnung-mit-weitblick\/\"]}]},{\"@type\":\"ImageObject\",\"inLanguage\":\"fr-FR\",\"@id\":\"https:\/\/w-realestate.swiss\/fr\/immobilien\/1651310fr-lumin-galeriewohnung-mit-weitblick\/#primaryimage\",\"url\":\"https:\/\/cdn.casasoft.com\/media\/provider-11850\/property-1649723\/6a4c23465f92022bdb630e0b5585f60b.png?p=xl\",\"contentUrl\":\"https:\/\/cdn.casasoft.com\/media\/provider-11850\/property-1649723\/6a4c23465f92022bdb630e0b5585f60b.png?p=xl\"},{\"@type\":\"BreadcrumbList\",\"@id\":\"https:\/\/w-realestate.swiss\/fr\/immobilien\/1651310fr-lumin-galeriewohnung-mit-weitblick\/#breadcrumb\",\"itemListElement\":[{\"@type\":\"ListItem\",\"position\":1,\"name\":\"Startseite\",\"item\":\"https:\/\/w-realestate.swiss\/fr\/\"},{\"@type\":\"ListItem\",\"position\":2,\"name\":\"Propri\u00e9t\u00e9s\",\"item\":\"https:\/\/w-realestate.swiss\/fr\/immobilien\/\"},{\"@type\":\"ListItem\",\"position\":3,\"name\":\"LUMIN\u00c9 &#8211; GALERIEWOHNUNG MIT WEITBLICK\"}]},{\"@type\":\"WebSite\",\"@id\":\"https:\/\/w-realestate.swiss\/fr\/#website\",\"url\":\"https:\/\/w-realestate.swiss\/fr\/\",\"name\":\"W Real Estate\",\"description\":\"\",\"publisher\":{\"@id\":\"https:\/\/w-realestate.swiss\/fr\/#organization\"},\"potentialAction\":[{\"@type\":\"SearchAction\",\"target\":{\"@type\":\"EntryPoint\",\"urlTemplate\":\"https:\/\/w-realestate.swiss\/fr\/?s={search_term_string}\"},\"query-input\":{\"@type\":\"PropertyValueSpecification\",\"valueRequired\":true,\"valueName\":\"search_term_string\"}}],\"inLanguage\":\"fr-FR\"},{\"@type\":\"Organization\",\"@id\":\"https:\/\/w-realestate.swiss\/fr\/#organization\",\"name\":\"W Real Estate\",\"url\":\"https:\/\/w-realestate.swiss\/fr\/\",\"logo\":{\"@type\":\"ImageObject\",\"inLanguage\":\"fr-FR\",\"@id\":\"https:\/\/w-realestate.swiss\/fr\/#\/schema\/logo\/image\/\",\"url\":\"https:\/\/w-realestate.swiss\/wp-content\/uploads\/sites\/247\/2021\/03\/LOGO_W-REALESATE_Companie.svg\",\"contentUrl\":\"https:\/\/w-realestate.swiss\/wp-content\/uploads\/sites\/247\/2021\/03\/LOGO_W-REALESATE_Companie.svg\",\"caption\":\"W Real Estate\"},\"image\":{\"@id\":\"https:\/\/w-realestate.swiss\/fr\/#\/schema\/logo\/image\/\"}}]}<\/script>\n<!-- \/ Yoast SEO plugin. -->","yoast_head_json":{"title":"LUMIN\u00c9 - GALERIEWOHNUNG MIT WEITBLICK - W Real Estate GmbH","robots":{"index":"index","follow":"follow","max-snippet":"max-snippet:-1","max-image-preview":"max-image-preview:large","max-video-preview":"max-video-preview:-1"},"canonical":"https:\/\/w-realestate.swiss\/fr\/immobilien\/1651310fr-lumin-galeriewohnung-mit-weitblick\/","og_locale":"fr_FR","og_type":"article","og_title":"LUMIN\u00c9 - GALERIEWOHNUNG MIT WEITBLICK - W Real Estate GmbH","og_description":"Die exklusive 4.5- bis 5.5-Zimmer-Dachwohnung mit Galerie bietet ein einzigartiges Wohnerlebnis mit durchdachter Architektur. Drei ger\u00e4umige Schlafzimmer mit neuem Parkettboden, ein offener Wohn- und Essbereich sowie ein einladender Schwedenofen schaffen eine harmonische Atmosph\u00e4re. Die flexible Galerie kann individuell genutzt werden, w\u00e4hrend der gem\u00fctliche Balkon mit Weitblick und Bergsicht zum Entspannen einl\u00e4dt. Zwei moderne Nasszonen garantieren [&hellip;]","og_url":"https:\/\/w-realestate.swiss\/fr\/immobilien\/1651310fr-lumin-galeriewohnung-mit-weitblick\/","og_site_name":"W Real Estate GmbH","article_modified_time":"2026-05-01T06:17:14+00:00","twitter_card":"summary_large_image","twitter_misc":{"Dur\u00e9e de lecture estim\u00e9e":"1 minute"},"schema":{"@context":"https:\/\/schema.org","@graph":[{"@type":"WebPage","@id":"https:\/\/w-realestate.swiss\/fr\/immobilien\/1651310fr-lumin-galeriewohnung-mit-weitblick\/","url":"https:\/\/w-realestate.swiss\/fr\/immobilien\/1651310fr-lumin-galeriewohnung-mit-weitblick\/","name":"LUMIN\u00c9 - GALERIEWOHNUNG MIT WEITBLICK - W Real Estate GmbH","isPartOf":{"@id":"https:\/\/w-realestate.swiss\/fr\/#website"},"primaryImageOfPage":{"@id":"https:\/\/w-realestate.swiss\/fr\/immobilien\/1651310fr-lumin-galeriewohnung-mit-weitblick\/#primaryimage"},"image":{"@id":"https:\/\/w-realestate.swiss\/fr\/immobilien\/1651310fr-lumin-galeriewohnung-mit-weitblick\/#primaryimage"},"thumbnailUrl":"https:\/\/cdn.casasoft.com\/media\/provider-11850\/property-1649723\/6a4c23465f92022bdb630e0b5585f60b.png?p=xl","datePublished":"2025-09-26T13:37:28+00:00","dateModified":"2026-05-01T06:17:14+00:00","breadcrumb":{"@id":"https:\/\/w-realestate.swiss\/fr\/immobilien\/1651310fr-lumin-galeriewohnung-mit-weitblick\/#breadcrumb"},"inLanguage":"fr-FR","potentialAction":[{"@type":"ReadAction","target":["https:\/\/w-realestate.swiss\/fr\/immobilien\/1651310fr-lumin-galeriewohnung-mit-weitblick\/"]}]},{"@type":"ImageObject","inLanguage":"fr-FR","@id":"https:\/\/w-realestate.swiss\/fr\/immobilien\/1651310fr-lumin-galeriewohnung-mit-weitblick\/#primaryimage","url":"https:\/\/cdn.casasoft.com\/media\/provider-11850\/property-1649723\/6a4c23465f92022bdb630e0b5585f60b.png?p=xl","contentUrl":"https:\/\/cdn.casasoft.com\/media\/provider-11850\/property-1649723\/6a4c23465f92022bdb630e0b5585f60b.png?p=xl"},{"@type":"BreadcrumbList","@id":"https:\/\/w-realestate.swiss\/fr\/immobilien\/1651310fr-lumin-galeriewohnung-mit-weitblick\/#breadcrumb","itemListElement":[{"@type":"ListItem","position":1,"name":"Startseite","item":"https:\/\/w-realestate.swiss\/fr\/"},{"@type":"ListItem","position":2,"name":"Propri\u00e9t\u00e9s","item":"https:\/\/w-realestate.swiss\/fr\/immobilien\/"},{"@type":"ListItem","position":3,"name":"LUMIN\u00c9 &#8211; GALERIEWOHNUNG MIT WEITBLICK"}]},{"@type":"WebSite","@id":"https:\/\/w-realestate.swiss\/fr\/#website","url":"https:\/\/w-realestate.swiss\/fr\/","name":"W Real Estate","description":"","publisher":{"@id":"https:\/\/w-realestate.swiss\/fr\/#organization"},"potentialAction":[{"@type":"SearchAction","target":{"@type":"EntryPoint","urlTemplate":"https:\/\/w-realestate.swiss\/fr\/?s={search_term_string}"},"query-input":{"@type":"PropertyValueSpecification","valueRequired":true,"valueName":"search_term_string"}}],"inLanguage":"fr-FR"},{"@type":"Organization","@id":"https:\/\/w-realestate.swiss\/fr\/#organization","name":"W Real Estate","url":"https:\/\/w-realestate.swiss\/fr\/","logo":{"@type":"ImageObject","inLanguage":"fr-FR","@id":"https:\/\/w-realestate.swiss\/fr\/#\/schema\/logo\/image\/","url":"https:\/\/w-realestate.swiss\/wp-content\/uploads\/sites\/247\/2021\/03\/LOGO_W-REALESATE_Companie.svg","contentUrl":"https:\/\/w-realestate.swiss\/wp-content\/uploads\/sites\/247\/2021\/03\/LOGO_W-REALESATE_Companie.svg","caption":"W Real Estate"},"image":{"@id":"https:\/\/w-realestate.swiss\/fr\/#\/schema\/logo\/image\/"}}]}},"_links":{"self":[{"href":"https:\/\/w-realestate.swiss\/fr\/wp-json\/wp\/v2\/casawp_property\/17287","targetHints":{"allow":["GET"]}}],"collection":[{"href":"https:\/\/w-realestate.swiss\/fr\/wp-json\/wp\/v2\/casawp_property"}],"about":[{"href":"https:\/\/w-realestate.swiss\/fr\/wp-json\/wp\/v2\/types\/casawp_property"}],"replies":[{"embeddable":true,"href":"https:\/\/w-realestate.swiss\/fr\/wp-json\/wp\/v2\/comments?post=17287"}],"version-history":[{"count":0,"href":"https:\/\/w-realestate.swiss\/fr\/wp-json\/wp\/v2\/casawp_property\/17287\/revisions"}],"wp:featuredmedia":[{"embeddable":true,"href":"https:\/\/w-realestate.swiss\/fr\/wp-json\/wp\/v2\/media\/17288"}],"wp:attachment":[{"href":"https:\/\/w-realestate.swiss\/fr\/wp-json\/wp\/v2\/media?parent=17287"}],"wp:term":[{"taxonomy":"casawp_category","embeddable":true,"href":"https:\/\/w-realestate.swiss\/fr\/wp-json\/wp\/v2\/casawp_category?post=17287"},{"taxonomy":"casawp_feature","embeddable":true,"href":"https:\/\/w-realestate.swiss\/fr\/wp-json\/wp\/v2\/casawp_feature?post=17287"},{"taxonomy":"casawp_utility","embeddable":true,"href":"https:\/\/w-realestate.swiss\/fr\/wp-json\/wp\/v2\/casawp_utility?post=17287"},{"taxonomy":"casawp_location","embeddable":true,"href":"https:\/\/w-realestate.swiss\/fr\/wp-json\/wp\/v2\/casawp_location?post=17287"},{"taxonomy":"casawp_salestype","embeddable":true,"href":"https:\/\/w-realestate.swiss\/fr\/wp-json\/wp\/v2\/casawp_salestype?post=17287"},{"taxonomy":"casawp_availability","embeddable":true,"href":"https:\/\/w-realestate.swiss\/fr\/wp-json\/wp\/v2\/casawp_availability?post=17287"},{"taxonomy":"casawp_region","embeddable":true,"href":"https:\/\/w-realestate.swiss\/fr\/wp-json\/wp\/v2\/casawp_region?post=17287"}],"curies":[{"name":"wp","href":"https:\/\/api.w.org\/{rel}","templated":true}]}}